{"id":1799,"date":"2025-01-14T17:25:28","date_gmt":"2025-01-14T17:25:28","guid":{"rendered":"https:\/\/fundacao-paodeacucar-auchan.pt\/website\/?page_id=1799"},"modified":"2025-01-20T16:07:23","modified_gmt":"2025-01-20T16:07:23","slug":"apoios","status":"publish","type":"page","link":"https:\/\/fundacao-paodeacucar-auchan.pt\/website\/apoios\/","title":{"rendered":"Apoios"},"content":{"rendered":"\n<style type=\"text\/css\" data-created_by=\"avia_inline_auto\" id=\"style-css-av-qvkm-af43e7eb6ddb3bb551676a78a184fc4d\">\n#top .flex_column.av-qvkm-af43e7eb6ddb3bb551676a78a184fc4d{\nmargin-top:0px;\nmargin-bottom:0px;\n}\n.responsive #top #wrap_all .flex_column.av-qvkm-af43e7eb6ddb3bb551676a78a184fc4d{\nmargin-top:0px;\nmargin-bottom:0px;\n}\n<\/style>\n<div class='flex_column av-qvkm-af43e7eb6ddb3bb551676a78a184fc4d av_one_full  avia-builder-el-0  el_before_av_one_full  avia-builder-el-first  first flex_column_div '     ><section  class='av_textblock_section av-lgdootqz-61ce565f5f105ebde43bf84263ef84b0'  itemscope=\"itemscope\" itemtype=\"https:\/\/schema.org\/CreativeWork\" ><div class='avia_textblock'  itemprop=\"text\" ><h2 style=\"text-align: center;\">Calend\u00e1rio de candidaturas aos apoios da Funda\u00e7\u00e3o<\/h2>\n<\/div><\/section><br \/>\n\n<style type=\"text\/css\" data-created_by=\"avia_inline_auto\" id=\"style-css-av-lh94pqc7-b5c3110b484e2f9075b62d67725035ea\">\n#top .hr.hr-invisible.av-lh94pqc7-b5c3110b484e2f9075b62d67725035ea{\nheight:30px;\n}\n<\/style>\n<div  class='hr av-lh94pqc7-b5c3110b484e2f9075b62d67725035ea hr-invisible  avia-builder-el-2  el_after_av_textblock  avia-builder-el-last '><span class='hr-inner '><span class=\"hr-inner-style\"><\/span><\/span><\/div><\/p><\/div>\n<style type=\"text\/css\" data-created_by=\"avia_inline_auto\" id=\"style-css-av-ikt42v-af045413fcd8f900f1cc05a1b62dc6f4\">\n#top .flex_column.av-ikt42v-af045413fcd8f900f1cc05a1b62dc6f4{\nmargin-top:0px;\nmargin-bottom:0px;\n}\n.responsive #top #wrap_all .flex_column.av-ikt42v-af045413fcd8f900f1cc05a1b62dc6f4{\nmargin-top:0px;\nmargin-bottom:0px;\n}\n<\/style>\n<div class='flex_column av-ikt42v-af045413fcd8f900f1cc05a1b62dc6f4 av_one_full  avia-builder-el-3  el_after_av_one_full  el_before_av_section  avia-builder-el-last  first flex_column_div column-top-margin'     ><div class='avia-data-table-wrap av-hp64zr-434fea40672b3db40f430d915b4d7180 avia_responsive_table avia-table-1'><table  class='avia-table avia-data-table avia_pricing_default  avia-builder-el-4  avia-builder-el-no-sibling '  itemscope=\"itemscope\" itemtype=\"https:\/\/schema.org\/Table\" ><tbody><tr class=''><td class='avia-center-col'><strong>Programa<\/strong><\/td><td class='avia-center-col'><strong>In\u00edcio<\/strong><\/td><td class='avia-center-col'><strong>Fim<\/strong><\/td><\/tr><tr class=''><td class='avia-center-col'><a href=\"#nse\">Apoio para necessidades de sa\u00fade especiais<\/a><\/td><td class='avia-center-col'>28\/07\/2025<\/td><td class='avia-center-col'>11\/08\/2025<\/td><\/tr><tr class=''><td class='avia-center-col'><a href=\"#cjiatl\">Apoio para creche, jardim de inf\u00e2ncia e atividades de tempos livres<\/a><\/td><td class='avia-center-col'>15\/09\/2025<\/td><td class='avia-center-col'>30\/09\/2025<\/td><\/tr><tr class=''><td class='avia-center-col'><a href=\"#ial\">Apoio para in\u00edcio de ano letivo<\/a><\/td><td class='avia-center-col'>14\/07\/2025<\/td><td class='avia-center-col'>28\/07\/2025<\/td><\/tr><tr class=''><td class='avia-center-col'><a href=\"#pm\">Pr\u00e9mio de m\u00e9rito<\/a><\/td><td class='avia-center-col'>06\/10\/2025<\/td><td class='avia-center-col'>20\/10\/2025<\/td><\/tr><tr class=''><td class='avia-center-col'><a href=\"#bes\">Bolsas de ensino superior<\/a><\/td><td class='avia-center-col'>03\/11\/2025<\/td><td class='avia-center-col'>17\/11\/2025<\/td><\/tr><tr class=''><td class='avia-center-col'><a href=\"#cf\">Campos de f\u00e9rias<\/a><\/td><td class='avia-center-col'>05\/05\/2025<\/td><td class='avia-center-col'>19\/05\/2025<\/td><\/tr><\/tbody><\/table><\/div><\/div><\/p>\n<\/div><\/div><\/div><!-- close content main div --><\/div><\/div><div id='nse'  class='avia-section av-m5wp2rki-a71f2c3b8fc91a37f74b50d21f505392 main_color avia-section-no-padding avia-no-border-styling  avia-builder-el-5  el_after_av_one_full  el_before_av_section  avia-bg-style-scroll container_wrap fullsize'  ><div class='container av-section-cont-open' ><div class='template-page content  av-content-full alpha units'><div class='post-entry post-entry-type-page post-entry-1799'><div class='entry-content-wrapper clearfix'>\n<div class='flex_column_table av-lgzfjf3r-593b723660191d6a63902c52d8993389 sc-av_two_third av-equal-height-column-flextable'>\n<style type=\"text\/css\" data-created_by=\"avia_inline_auto\" id=\"style-css-av-lgzfjf3r-593b723660191d6a63902c52d8993389\">\n.avia_transform .flex_column.av-lgzfjf3r-593b723660191d6a63902c52d8993389{\n-webkit-animation-duration:3s;\n-moz-animation-duration:3s;\nanimation-duration:3s;\n}\n<\/style>\n<div class='flex_column av-lgzfjf3r-593b723660191d6a63902c52d8993389 av_two_third  avia-builder-el-6  el_before_av_one_third  avia-builder-el-first  first no_margin flex_column_table_cell av-equal-height-column av-align-middle av-animated-generic left-to-right '     ><section  class='av_textblock_section av-lgzfom4c-672714b550384bb64a0e31fdd4b10ed0'  itemscope=\"itemscope\" itemtype=\"https:\/\/schema.org\/CreativeWork\" ><div class='avia_textblock'  itemprop=\"text\" ><h3>Apoio para necessidades de sa\u00fade especiais<\/h3>\n<p>Este apoio destina-se a comparticipar mensalmente os custos associados a terapias e frequ\u00eancia de estabelecimento de ensino especial, para crian\u00e7as e jovens filhos de colaboradores, at\u00e9 aos 18 anos.<\/p>\n<\/div><\/section><\/div>\n<style type=\"text\/css\" data-created_by=\"avia_inline_auto\" id=\"style-css-av-lh7lrpet-a4f74ce71d29e1d8d0e1f8ac74646d6e\">\n.flex_column.av-lh7lrpet-a4f74ce71d29e1d8d0e1f8ac74646d6e{\nz-index:100;\n}\n.avia_transform .flex_column.av-lh7lrpet-a4f74ce71d29e1d8d0e1f8ac74646d6e{\n-webkit-animation-duration:3s;\n-moz-animation-duration:3s;\nanimation-duration:3s;\n}\n<\/style>\n<div class='flex_column av-lh7lrpet-a4f74ce71d29e1d8d0e1f8ac74646d6e av_one_third  avia-builder-el-8  el_after_av_two_third  avia-builder-el-last  no_margin flex_column_table_cell av-equal-height-column av-align-middle av-animated-generic right-to-left av-custom-positioned '     ><style type=\"text\/css\" data-created_by=\"avia_inline_auto\" id=\"style-css-av-lh7lon3b-836de927210c694a02698e50da7083ac\">\n.avia-image-container.av-lh7lon3b-836de927210c694a02698e50da7083ac img.avia_image{\nbox-shadow:none;\n}\n.avia-image-container.av-lh7lon3b-836de927210c694a02698e50da7083ac .av-image-caption-overlay-center{\ncolor:#ffffff;\n}\n<\/style>\n<div  class='avia-image-container av-lh7lon3b-836de927210c694a02698e50da7083ac av-styling- avia-align-center  avia-builder-el-9  avia-builder-el-no-sibling '   itemprop=\"image\" itemscope=\"itemscope\" itemtype=\"https:\/\/schema.org\/ImageObject\" ><div class=\"avia-image-container-inner\"><div class=\"avia-image-overlay-wrap\"><img decoding=\"async\" class='wp-image-1102 avia-img-lazy-loading-not-1102 avia_image ' src=\"https:\/\/fundacao-paodeacucar-auchan.pt\/website\/wp-content\/uploads\/2023\/05\/saude.jpg\" alt='' title='saude'  height=\"467\" width=\"700\"  itemprop=\"thumbnailUrl\" srcset=\"https:\/\/fundacao-paodeacucar-auchan.pt\/website\/wp-content\/uploads\/2023\/05\/saude.jpg 700w, https:\/\/fundacao-paodeacucar-auchan.pt\/website\/wp-content\/uploads\/2023\/05\/saude-300x200.jpg 300w\" sizes=\"(max-width: 700px) 100vw, 700px\" \/><\/div><\/div><\/div><\/div><\/div><!--close column table wrapper. Autoclose: 1 -->\n\n<\/div><\/div><\/div><!-- close content main div --><\/div><\/div><div id='cjiatl'  class='avia-section av-m5wp2kmk-d822e24791c9884d9ad4f7e5c624bb62 main_color avia-section-no-padding avia-no-border-styling  avia-builder-el-10  el_after_av_section  el_before_av_section  avia-bg-style-scroll container_wrap fullsize'  ><div class='container av-section-cont-open' ><div class='template-page content  av-content-full alpha units'><div class='post-entry post-entry-type-page post-entry-1799'><div class='entry-content-wrapper clearfix'>\n<div class='flex_column_table av-lgzfs2hk-c829cdde0802f5281f3518c6d9c0fc08 sc-av_one_third av-equal-height-column-flextable'>\n<style type=\"text\/css\" data-created_by=\"avia_inline_auto\" id=\"style-css-av-lgzfs2hk-c829cdde0802f5281f3518c6d9c0fc08\">\n.avia_transform .flex_column.av-lgzfs2hk-c829cdde0802f5281f3518c6d9c0fc08{\n-webkit-animation-duration:3s;\n-moz-animation-duration:3s;\nanimation-duration:3s;\n}\n<\/style>\n<div class='flex_column av-lgzfs2hk-c829cdde0802f5281f3518c6d9c0fc08 av_one_third  avia-builder-el-11  el_before_av_two_third  avia-builder-el-first  first flex_column_table_cell av-equal-height-column av-align-middle av-animated-generic left-to-right '     ><style type=\"text\/css\" data-created_by=\"avia_inline_auto\" id=\"style-css-av-66snq-49b7b227427a404b7b9201d5669792cf\">\n.avia-image-container.av-66snq-49b7b227427a404b7b9201d5669792cf img.avia_image{\nbox-shadow:none;\n}\n.avia-image-container.av-66snq-49b7b227427a404b7b9201d5669792cf .av-image-caption-overlay-center{\ncolor:#ffffff;\n}\n<\/style>\n<div  class='avia-image-container av-66snq-49b7b227427a404b7b9201d5669792cf av-styling- avia-align-center  avia-builder-el-12  avia-builder-el-no-sibling '   itemprop=\"image\" itemscope=\"itemscope\" itemtype=\"https:\/\/schema.org\/ImageObject\" ><div class=\"avia-image-container-inner\"><div class=\"avia-image-overlay-wrap\"><img decoding=\"async\" class='wp-image-1113 avia-img-lazy-loading-not-1113 avia_image ' src=\"https:\/\/fundacao-paodeacucar-auchan.pt\/website\/wp-content\/uploads\/2023\/05\/kids.jpg\" alt='' title='kids'  height=\"467\" width=\"700\"  itemprop=\"thumbnailUrl\" srcset=\"https:\/\/fundacao-paodeacucar-auchan.pt\/website\/wp-content\/uploads\/2023\/05\/kids.jpg 700w, https:\/\/fundacao-paodeacucar-auchan.pt\/website\/wp-content\/uploads\/2023\/05\/kids-300x200.jpg 300w\" sizes=\"(max-width: 700px) 100vw, 700px\" \/><\/div><\/div><\/div><\/div><div class='av-flex-placeholder'><\/div>\n<style type=\"text\/css\" data-created_by=\"avia_inline_auto\" id=\"style-css-av-5myje-b150e36d7ee09f80d57ea7cc00f700de\">\n.avia_transform .flex_column.av-5myje-b150e36d7ee09f80d57ea7cc00f700de{\n-webkit-animation-duration:3s;\n-moz-animation-duration:3s;\nanimation-duration:3s;\n}\n<\/style>\n<div class='flex_column av-5myje-b150e36d7ee09f80d57ea7cc00f700de av_two_third  avia-builder-el-13  el_after_av_one_third  avia-builder-el-last  flex_column_table_cell av-equal-height-column av-align-middle av-animated-generic right-to-left '     ><section  class='av_textblock_section av-lgzfpurw-d1de85a8dec08f010c10896c5b9500ad'  itemscope=\"itemscope\" itemtype=\"https:\/\/schema.org\/CreativeWork\" ><div class='avia_textblock'  itemprop=\"text\" ><h3>Apoio para creche, jardim de inf\u00e2ncia e atividades de tempos livres<\/h3>\n<p>Mensalmente s\u00e3o comparticipados os custos associados \u00e0 frequ\u00eancia<span class=\"Apple-converted-space\">\u00a0 <\/span>de Creche, Jardim de Inf\u00e2ncia e ATL (1\u00ba e 2\u00ba ciclos), de filhos de colaboradores.<\/p>\n<p>Este apoio tem a dura\u00e7\u00e3o de 11 meses e \u00e9 atribu\u00eddo de acordo com o rendimento anual <i>per capita<\/i> do agregado.<\/p>\n<\/div><\/section><\/div><\/div><!--close column table wrapper. Autoclose: 1 -->\n\n<\/div><\/div><\/div><!-- close content main div --><\/div><\/div><div id='ial'  class='avia-section av-m5wp2dkn-caced4c13f4076db666d85df6ffd96ea main_color avia-section-no-padding avia-no-border-styling  avia-builder-el-15  el_after_av_section  el_before_av_section  avia-bg-style-scroll container_wrap fullsize'  ><div class='container av-section-cont-open' ><div class='template-page content  av-content-full alpha units'><div class='post-entry post-entry-type-page post-entry-1799'><div class='entry-content-wrapper clearfix'>\n<div class='flex_column_table av-lgzfsk5b-014a38e8dc441b97283e8b0f4b521917 sc-av_two_third av-equal-height-column-flextable'>\n<style type=\"text\/css\" data-created_by=\"avia_inline_auto\" id=\"style-css-av-lgzfsk5b-014a38e8dc441b97283e8b0f4b521917\">\n.avia_transform .flex_column.av-lgzfsk5b-014a38e8dc441b97283e8b0f4b521917{\n-webkit-animation-duration:3s;\n-moz-animation-duration:3s;\nanimation-duration:3s;\n}\n<\/style>\n<div class='flex_column av-lgzfsk5b-014a38e8dc441b97283e8b0f4b521917 av_two_third  avia-builder-el-16  el_before_av_one_third  avia-builder-el-first  first no_margin flex_column_table_cell av-equal-height-column av-align-middle av-animated-generic left-to-right '     ><section  class='av_textblock_section av-lgzfqu95-f28b1ec6eae171aa3c971c8be57051f6'  itemscope=\"itemscope\" itemtype=\"https:\/\/schema.org\/CreativeWork\" ><div class='avia_textblock'  itemprop=\"text\" ><h3>Apoio para in\u00edcio de ano letivo<\/h3>\n<p>Atribui\u00e7\u00e3o de apoio financeiro atrav\u00e9s de cart\u00e3o oferta, destinado \u00e0 aquisi\u00e7\u00e3o de livros e material escolar, vestu\u00e1rio e cal\u00e7ado dos filhos dos colaboradores que frequentem a escolaridade obrigat\u00f3ria. O valor do apoio \u00e9 definido de acordo com o rendimento do agregado familiar e o ano de escolaridade que a crian\u00e7a\/jovem ir\u00e1 frequentar.<\/p>\n<\/div><\/section><\/div><div class='flex_column av-20xiq-b1158195ecaaab4eabc73b25ddcea397 av_one_third  avia-builder-el-18  el_after_av_two_third  avia-builder-el-last  no_margin flex_column_table_cell av-equal-height-column av-align-middle '     ><style type=\"text\/css\" data-created_by=\"avia_inline_auto\" id=\"style-css-av-lh7l9z4d-03efe3dd7b31024ae67f00e5f569f9b2\">\n.avia_transform .avia-image-container.av-lh7l9z4d-03efe3dd7b31024ae67f00e5f569f9b2{\n-webkit-animation-duration:3s;\n-moz-animation-duration:3s;\nanimation-duration:3s;\n}\n.avia-image-container.av-lh7l9z4d-03efe3dd7b31024ae67f00e5f569f9b2 img.avia_image{\nbox-shadow:none;\n}\n.avia-image-container.av-lh7l9z4d-03efe3dd7b31024ae67f00e5f569f9b2 .av-image-caption-overlay-center{\ncolor:#ffffff;\n}\n<\/style>\n<div  class='avia-image-container av-lh7l9z4d-03efe3dd7b31024ae67f00e5f569f9b2 av-styling- avia_animated_image av-animated-when-visible-95 right-to-left avia-align-center  avia-builder-el-19  avia-builder-el-no-sibling '   itemprop=\"image\" itemscope=\"itemscope\" itemtype=\"https:\/\/schema.org\/ImageObject\" ><div class=\"avia-image-container-inner\"><div class=\"avia-image-overlay-wrap\"><img decoding=\"async\" class='wp-image-1096 avia-img-lazy-loading-not-1096 avia_image ' src=\"https:\/\/fundacao-paodeacucar-auchan.pt\/website\/wp-content\/uploads\/2023\/05\/inicioAno.jpg\" alt='' title='inicioAno'  height=\"572\" width=\"700\"  itemprop=\"thumbnailUrl\" srcset=\"https:\/\/fundacao-paodeacucar-auchan.pt\/website\/wp-content\/uploads\/2023\/05\/inicioAno.jpg 700w, https:\/\/fundacao-paodeacucar-auchan.pt\/website\/wp-content\/uploads\/2023\/05\/inicioAno-300x245.jpg 300w\" sizes=\"(max-width: 700px) 100vw, 700px\" \/><\/div><\/div><\/div><\/div><\/div><!--close column table wrapper. Autoclose: 1 -->\n\n<\/div><\/div><\/div><!-- close content main div --><\/div><\/div><div id='pm'  class='avia-section av-m5wp25ph-b77836e1ac245db111c4441a2dc63aac main_color avia-section-no-padding avia-no-border-styling  avia-builder-el-20  el_after_av_section  el_before_av_section  avia-bg-style-scroll container_wrap fullsize'  ><div class='container av-section-cont-open' ><div class='template-page content  av-content-full alpha units'><div class='post-entry post-entry-type-page post-entry-1799'><div class='entry-content-wrapper clearfix'>\n<div class='flex_column_table av-3u1i2-a2d9ddd55ba4c63f88d30ea4fa33c632 sc-av_one_third av-equal-height-column-flextable'><div class='flex_column av-3u1i2-a2d9ddd55ba4c63f88d30ea4fa33c632 av_one_third  avia-builder-el-21  el_before_av_two_third  avia-builder-el-first  first flex_column_table_cell av-equal-height-column av-align-middle '     ><style type=\"text\/css\" data-created_by=\"avia_inline_auto\" id=\"style-css-av-3b596-800b35a48bd1939c40776e686c55d40c\">\n.avia_transform .avia-image-container.av-3b596-800b35a48bd1939c40776e686c55d40c{\n-webkit-animation-duration:3s;\n-moz-animation-duration:3s;\nanimation-duration:3s;\n}\n.avia-image-container.av-3b596-800b35a48bd1939c40776e686c55d40c img.avia_image{\nbox-shadow:none;\n}\n.avia-image-container.av-3b596-800b35a48bd1939c40776e686c55d40c .av-image-caption-overlay-center{\ncolor:#ffffff;\n}\n<\/style>\n<div  class='avia-image-container av-3b596-800b35a48bd1939c40776e686c55d40c av-styling- avia_animated_image av-animated-when-visible-95 left-to-right avia-align-center  avia-builder-el-22  avia-builder-el-no-sibling '   itemprop=\"image\" itemscope=\"itemscope\" itemtype=\"https:\/\/schema.org\/ImageObject\" ><div class=\"avia-image-container-inner\"><div class=\"avia-image-overlay-wrap\"><img decoding=\"async\" class='wp-image-1161 avia-img-lazy-loading-not-1161 avia_image ' src=\"https:\/\/fundacao-paodeacucar-auchan.pt\/website\/wp-content\/uploads\/2023\/05\/medal.jpg\" alt='' title='medal'  height=\"467\" width=\"700\"  itemprop=\"thumbnailUrl\" srcset=\"https:\/\/fundacao-paodeacucar-auchan.pt\/website\/wp-content\/uploads\/2023\/05\/medal.jpg 700w, https:\/\/fundacao-paodeacucar-auchan.pt\/website\/wp-content\/uploads\/2023\/05\/medal-300x200.jpg 300w\" sizes=\"(max-width: 700px) 100vw, 700px\" \/><\/div><\/div><\/div><\/div><div class='av-flex-placeholder'><\/div>\n<style type=\"text\/css\" data-created_by=\"avia_inline_auto\" id=\"style-css-av-cdyu-bccda56765630f6f9aafbb7ff8129272\">\n.avia_transform .flex_column.av-cdyu-bccda56765630f6f9aafbb7ff8129272{\n-webkit-animation-duration:3s;\n-moz-animation-duration:3s;\nanimation-duration:3s;\n}\n<\/style>\n<div class='flex_column av-cdyu-bccda56765630f6f9aafbb7ff8129272 av_two_third  avia-builder-el-23  el_after_av_one_third  avia-builder-el-last  flex_column_table_cell av-equal-height-column av-align-middle av-animated-generic right-to-left '     ><section  class='av_textblock_section av-aire-5de0aeb10b3b778b79378cb6df1b5982'  itemscope=\"itemscope\" itemtype=\"https:\/\/schema.org\/CreativeWork\" ><div class='avia_textblock'  itemprop=\"text\" ><h3>Pr\u00e9mio de m\u00e9rito<\/h3>\n<p>Os Pr\u00e9mios de M\u00e9rito pretendem reconhecer o excelente desempenho acad\u00e9mico dos filhos dos colaboradores e s\u00e3o atribu\u00eddos aos 5 melhores alunos do 9\u00ba, 10\u00ba, 11\u00ba e 12\u00ba anos de escolaridade. Cada Pr\u00e9mio de M\u00e9rito \u00e9 constitu\u00eddo por um diploma simb\u00f3lico e um Cart\u00e3o Oferta a ser utilizado nas lojas Auchan.<\/p>\n<\/div><\/section><\/div><\/div><!--close column table wrapper. Autoclose: 1 -->\n\n<\/div><\/div><\/div><!-- close content main div --><\/div><\/div><div id='bes'  class='avia-section av-m5wp1zjf-a9424691be00f83541cde57bbfb09bcb main_color avia-section-no-padding avia-no-border-styling  avia-builder-el-25  el_after_av_section  el_before_av_section  avia-bg-style-scroll container_wrap fullsize'  ><div class='container av-section-cont-open' ><div class='template-page content  av-content-full alpha units'><div class='post-entry post-entry-type-page post-entry-1799'><div class='entry-content-wrapper clearfix'>\n<div class='flex_column_table av-lgzfums8-963550b3bfcf940a799f940780f77bde sc-av_two_third av-equal-height-column-flextable'>\n<style type=\"text\/css\" data-created_by=\"avia_inline_auto\" id=\"style-css-av-lgzfums8-963550b3bfcf940a799f940780f77bde\">\n.avia_transform .flex_column.av-lgzfums8-963550b3bfcf940a799f940780f77bde{\n-webkit-animation-duration:3s;\n-moz-animation-duration:3s;\nanimation-duration:3s;\n}\n<\/style>\n<div class='flex_column av-lgzfums8-963550b3bfcf940a799f940780f77bde av_two_third  avia-builder-el-26  el_before_av_one_third  avia-builder-el-first  first no_margin flex_column_table_cell av-equal-height-column av-align-middle av-animated-generic left-to-right '     ><section  class='av_textblock_section av-28k4u-3e07625d424b1258f14acd15c99ef02a'  itemscope=\"itemscope\" itemtype=\"https:\/\/schema.org\/CreativeWork\" ><div class='avia_textblock'  itemprop=\"text\" ><h3>Bolsas de ensino superior<\/h3>\n<p>Com o intuito de apoiar os estudos superiores dos filhos dos colaboradores s\u00e3o atribu\u00eddas anualmente Bolsas de Ensino Superior. \u00c9 ainda atribu\u00edda uma Bolsa de M\u00e9rito ao candidato com a classifica\u00e7\u00e3o mais elevada obtida no ensino secund\u00e1rio. As bolsas consistem na atribui\u00e7\u00e3o de uma verba mensal durante 10 meses, por ano letivo.<\/p>\n<\/div><\/section><\/div>\n<style type=\"text\/css\" data-created_by=\"avia_inline_auto\" id=\"style-css-av-1kjea-d31537b5fc7c50cb31833a411b1f0815\">\n.avia_transform .flex_column.av-1kjea-d31537b5fc7c50cb31833a411b1f0815{\n-webkit-animation-duration:3s;\n-moz-animation-duration:3s;\nanimation-duration:3s;\n}\n<\/style>\n<div class='flex_column av-1kjea-d31537b5fc7c50cb31833a411b1f0815 av_one_third  avia-builder-el-28  el_after_av_two_third  avia-builder-el-last  no_margin flex_column_table_cell av-equal-height-column av-align-middle av-animated-generic right-to-left '     ><style type=\"text\/css\" data-created_by=\"avia_inline_auto\" id=\"style-css-av-x4yi-f4702237a974017f8f1de0f6fc62b6d1\">\n.avia-image-container.av-x4yi-f4702237a974017f8f1de0f6fc62b6d1 img.avia_image{\nbox-shadow:none;\n}\n.avia-image-container.av-x4yi-f4702237a974017f8f1de0f6fc62b6d1 .av-image-caption-overlay-center{\ncolor:#ffffff;\n}\n<\/style>\n<div  class='avia-image-container av-x4yi-f4702237a974017f8f1de0f6fc62b6d1 av-styling- avia-align-center  avia-builder-el-29  avia-builder-el-no-sibling '   itemprop=\"image\" itemscope=\"itemscope\" itemtype=\"https:\/\/schema.org\/ImageObject\" ><div class=\"avia-image-container-inner\"><div class=\"avia-image-overlay-wrap\"><img decoding=\"async\" class='wp-image-1141 avia-img-lazy-loading-not-1141 avia_image ' src=\"https:\/\/fundacao-paodeacucar-auchan.pt\/website\/wp-content\/uploads\/2023\/05\/universidade_v2.jpg\" alt='' title='universidade_v2'  height=\"467\" width=\"700\"  itemprop=\"thumbnailUrl\" srcset=\"https:\/\/fundacao-paodeacucar-auchan.pt\/website\/wp-content\/uploads\/2023\/05\/universidade_v2.jpg 700w, https:\/\/fundacao-paodeacucar-auchan.pt\/website\/wp-content\/uploads\/2023\/05\/universidade_v2-300x200.jpg 300w\" sizes=\"(max-width: 700px) 100vw, 700px\" \/><\/div><\/div><\/div><\/div><\/div><!--close column table wrapper. Autoclose: 1 -->\n\n<\/div><\/div><\/div><!-- close content main div --><\/div><\/div><div id='cf'  class='avia-section av-m5wp1oi9-dafe52301ccc6e43246ec623022c90d3 main_color avia-section-no-padding avia-no-border-styling  avia-builder-el-30  el_after_av_section  el_before_av_section  avia-bg-style-scroll container_wrap fullsize'  ><div class='container av-section-cont-open' ><div class='template-page content  av-content-full alpha units'><div class='post-entry post-entry-type-page post-entry-1799'><div class='entry-content-wrapper clearfix'>\n<div class='flex_column_table av-19g62-369ca7a5330689da17068d8b770c3fbb sc-av_one_third av-equal-height-column-flextable'><div class='flex_column av-19g62-369ca7a5330689da17068d8b770c3fbb av_one_third  avia-builder-el-31  el_before_av_two_third  avia-builder-el-first  first flex_column_table_cell av-equal-height-column av-align-middle '     ><style type=\"text\/css\" data-created_by=\"avia_inline_auto\" id=\"style-css-av-3a6u-3c49867be4b78add71882c8d49f91307\">\n.avia_transform .avia-image-container.av-3a6u-3c49867be4b78add71882c8d49f91307{\n-webkit-animation-duration:3s;\n-moz-animation-duration:3s;\nanimation-duration:3s;\n}\n.avia-image-container.av-3a6u-3c49867be4b78add71882c8d49f91307 img.avia_image{\nbox-shadow:none;\n}\n.avia-image-container.av-3a6u-3c49867be4b78add71882c8d49f91307 .av-image-caption-overlay-center{\ncolor:#ffffff;\n}\n<\/style>\n<div  class='avia-image-container av-3a6u-3c49867be4b78add71882c8d49f91307 av-styling- avia_animated_image av-animated-when-visible-95 left-to-right avia-align-center  avia-builder-el-32  avia-builder-el-no-sibling '   itemprop=\"image\" itemscope=\"itemscope\" itemtype=\"https:\/\/schema.org\/ImageObject\" ><div class=\"avia-image-container-inner\"><div class=\"avia-image-overlay-wrap\"><img decoding=\"async\" class='wp-image-1085 avia-img-lazy-loading-not-1085 avia_image ' src=\"https:\/\/fundacao-paodeacucar-auchan.pt\/website\/wp-content\/uploads\/2023\/05\/mochila.jpg\" alt='' title='mochila'  height=\"403\" width=\"700\"  itemprop=\"thumbnailUrl\" srcset=\"https:\/\/fundacao-paodeacucar-auchan.pt\/website\/wp-content\/uploads\/2023\/05\/mochila.jpg 700w, https:\/\/fundacao-paodeacucar-auchan.pt\/website\/wp-content\/uploads\/2023\/05\/mochila-300x173.jpg 300w\" sizes=\"(max-width: 700px) 100vw, 700px\" \/><\/div><\/div><\/div><\/div><div class='av-flex-placeholder'><\/div>\n<style type=\"text\/css\" data-created_by=\"avia_inline_auto\" id=\"style-css-av-9nqq-984fa45aa53fb2673572b8277e7b7bd3\">\n.avia_transform .flex_column.av-9nqq-984fa45aa53fb2673572b8277e7b7bd3{\n-webkit-animation-duration:3s;\n-moz-animation-duration:3s;\nanimation-duration:3s;\n}\n<\/style>\n<div class='flex_column av-9nqq-984fa45aa53fb2673572b8277e7b7bd3 av_two_third  avia-builder-el-33  el_after_av_one_third  avia-builder-el-last  flex_column_table_cell av-equal-height-column av-align-middle av-animated-generic right-to-left '     ><section  class='av_textblock_section av-lh68iffh-05bb5584fa9506bc3a2baa05559c08fe'  itemscope=\"itemscope\" itemtype=\"https:\/\/schema.org\/CreativeWork\" ><div class='avia_textblock'  itemprop=\"text\" ><h3>Campos de f\u00e9rias<\/h3>\n<p>Anualmente, s\u00e3o realizados, em parceria com uma entidade externa, campos de f\u00e9rias de Ver\u00e3o, com dura\u00e7\u00e3o de uma semana, dirigidos aos filhos de colaboradores entre os 6 e os 16 anos. Com esta a\u00e7\u00e3o pretende-se proporcionar novas experi\u00eancias e aprendizagens, promovendo a ocupa\u00e7\u00e3o saud\u00e1vel dos tempos livres.<\/p>\n<\/div><\/section><\/div><\/div><!--close column table wrapper. Autoclose: 1 -->\n\n<\/div><\/div><\/div><!-- close content main div --><\/div><\/div><div id='be'  class='avia-section av-m5wp1hcc-a94bf46dff6777aaeb5b2fda1af62f8f main_color avia-section-no-padding avia-no-border-styling  avia-builder-el-35  el_after_av_section  avia-builder-el-last  avia-bg-style-scroll container_wrap fullsize'  ><div class='container av-section-cont-open' ><div class='template-page content  av-content-full alpha units'><div class='post-entry post-entry-type-page post-entry-1799'><div class='entry-content-wrapper clearfix'>\n<div class='flex_column_table av-294nq-de2e5e6806343c60392b778dc7a6a266 sc-av_two_third av-equal-height-column-flextable'>\n<style type=\"text\/css\" data-created_by=\"avia_inline_auto\" id=\"style-css-av-294nq-de2e5e6806343c60392b778dc7a6a266\">\n.avia_transform .flex_column.av-294nq-de2e5e6806343c60392b778dc7a6a266{\n-webkit-animation-duration:3s;\n-moz-animation-duration:3s;\nanimation-duration:3s;\n}\n<\/style>\n<div class='flex_column av-294nq-de2e5e6806343c60392b778dc7a6a266 av_two_third  avia-builder-el-36  el_before_av_one_third  avia-builder-el-first  first no_margin flex_column_table_cell av-equal-height-column av-align-middle av-animated-generic left-to-right '     ><section  class='av_textblock_section av-lh68il3b-ed5201530e79c3756c6fbab9cdf4e01c'  itemscope=\"itemscope\" itemtype=\"https:\/\/schema.org\/CreativeWork\" ><div class='avia_textblock'  itemprop=\"text\" ><h3>Bancos de equipamentos<\/h3>\n<p>O Banco de Equipamentos pretende dar resposta a necessidades espec\u00edficas e tempor\u00e1rias dos colaboradores e dos seus familiares diretos. O banco \u00e9 constitu\u00eddo por ajudas t\u00e9cnicas &#8211; empr\u00e9stimo de cadeira de rodas, canadianas &#8211; e tamb\u00e9m por pequenos eletrodom\u00e9sticos. S\u00e3o igualmente postos \u00e0 disposi\u00e7\u00e3o dos colaboradores, equipamentos de beb\u00e9\/crian\u00e7a (ber\u00e7os, banheiras, cadeiras auto e carrinhos), doados por colegas que j\u00e1 n\u00e3o necessitam deles.<\/p>\n<\/div><\/section><\/div><div class='flex_column av-ma2-e934dbd4dd3c633a374e0840449c38b5 av_one_third  avia-builder-el-38  el_after_av_two_third  avia-builder-el-last  no_margin flex_column_table_cell av-equal-height-column av-align-middle '     ><style type=\"text\/css\" data-created_by=\"avia_inline_auto\" id=\"style-css-av-11w3m-1179219cca95d684d39263c238e2d933\">\n.avia_transform .avia-image-container.av-11w3m-1179219cca95d684d39263c238e2d933{\n-webkit-animation-duration:3s;\n-moz-animation-duration:3s;\nanimation-duration:3s;\n}\n.avia-image-container.av-11w3m-1179219cca95d684d39263c238e2d933 img.avia_image{\nbox-shadow:none;\n}\n.avia-image-container.av-11w3m-1179219cca95d684d39263c238e2d933 .av-image-caption-overlay-center{\ncolor:#ffffff;\n}\n<\/style>\n<div  class='avia-image-container av-11w3m-1179219cca95d684d39263c238e2d933 av-styling- avia_animated_image av-animated-when-visible-95 right-to-left avia-align-center  avia-builder-el-39  avia-builder-el-no-sibling '   itemprop=\"image\" itemscope=\"itemscope\" itemtype=\"https:\/\/schema.org\/ImageObject\" ><div class=\"avia-image-container-inner\"><div class=\"avia-image-overlay-wrap\"><img decoding=\"async\" class='wp-image-1189 avia-img-lazy-loading-not-1189 avia_image ' src=\"https:\/\/fundacao-paodeacucar-auchan.pt\/website\/wp-content\/uploads\/2023\/05\/carrinho.jpg\" alt='' title='carrinho'  height=\"611\" width=\"700\"  itemprop=\"thumbnailUrl\" srcset=\"https:\/\/fundacao-paodeacucar-auchan.pt\/website\/wp-content\/uploads\/2023\/05\/carrinho.jpg 700w, https:\/\/fundacao-paodeacucar-auchan.pt\/website\/wp-content\/uploads\/2023\/05\/carrinho-300x262.jpg 300w\" sizes=\"(max-width: 700px) 100vw, 700px\" \/><\/div><\/div><\/div><\/div><\/div><!--close column table wrapper. Autoclose: 1 -->\n\n","protected":false},"excerpt":{"rendered":"","protected":false},"author":1,"featured_media":0,"parent":0,"menu_order":0,"comment_status":"closed","ping_status":"closed","template":"","meta":{"inline_featured_image":false,"footnotes":""},"class_list":["post-1799","page","type-page","status-publish","hentry"],"_links":{"self":[{"href":"https:\/\/fundacao-paodeacucar-auchan.pt\/website\/wp-json\/wp\/v2\/pages\/1799","targetHints":{"allow":["GET"]}}],"collection":[{"href":"https:\/\/fundacao-paodeacucar-auchan.pt\/website\/wp-json\/wp\/v2\/pages"}],"about":[{"href":"https:\/\/fundacao-paodeacucar-auchan.pt\/website\/wp-json\/wp\/v2\/types\/page"}],"author":[{"embeddable":true,"href":"https:\/\/fundacao-paodeacucar-auchan.pt\/website\/wp-json\/wp\/v2\/users\/1"}],"replies":[{"embeddable":true,"href":"https:\/\/fundacao-paodeacucar-auchan.pt\/website\/wp-json\/wp\/v2\/comments?post=1799"}],"version-history":[{"count":32,"href":"https:\/\/fundacao-paodeacucar-auchan.pt\/website\/wp-json\/wp\/v2\/pages\/1799\/revisions"}],"predecessor-version":[{"id":1838,"href":"https:\/\/fundacao-paodeacucar-auchan.pt\/website\/wp-json\/wp\/v2\/pages\/1799\/revisions\/1838"}],"wp:attachment":[{"href":"https:\/\/fundacao-paodeacucar-auchan.pt\/website\/wp-json\/wp\/v2\/media?parent=1799"}],"curies":[{"name":"wp","href":"https:\/\/api.w.org\/{rel}","templated":true}]}}